{"version":"1.0","provider_name":"Pr\u00e9sence Autochtone","provider_url":"https:\/\/presenceautochtone.ca\/archives\/2022","author_name":"PresenceAutochtone","author_url":"https:\/\/presenceautochtone.ca\/archives\/2022\/author\/presenceautochtone\/","title":"Quelque part et autres lieux - Pr\u00e9sence Autochtone","type":"rich","width":600,"height":338,"html":"<blockquote class=\"wp-embedded-content\" data-secret=\"eTAosJeZdI\"><a href=\"https:\/\/presenceautochtone.ca\/archives\/2022\/programmation\/quelque-part-et-autres-lieux\/\">Quelque part et autres lieux<\/a><\/blockquote><iframe sandbox=\"allow-scripts\" security=\"restricted\" src=\"https:\/\/presenceautochtone.ca\/archives\/2022\/programmation\/quelque-part-et-autres-lieux\/embed\/#?secret=eTAosJeZdI\" width=\"600\" height=\"338\" title=\"\u00ab\u00a0Quelque part et autres lieux\u00a0\u00bb &#8212; Pr\u00e9sence Autochtone\" data-secret=\"eTAosJeZdI\" frameborder=\"0\" marginwidth=\"0\" marginheight=\"0\" scrolling=\"no\" class=\"wp-embedded-content\"><\/iframe><script>\n\/*! This file is auto-generated *\/\n!function(d,l){\"use strict\";l.querySelector&&d.addEventListener&&\"undefined\"!=typeof URL&&(d.wp=d.wp||{},d.wp.receiveEmbedMessage||(d.wp.receiveEmbedMessage=function(e){var t=e.data;if((t||t.secret||t.message||t.value)&&!\/[^a-zA-Z0-9]\/.test(t.secret)){for(var s,r,n,a=l.querySelectorAll('iframe[data-secret=\"'+t.secret+'\"]'),o=l.querySelectorAll('blockquote[data-secret=\"'+t.secret+'\"]'),c=new RegExp(\"^https?:$\",\"i\"),i=0;i<o.length;i++)o[i].style.display=\"none\";for(i=0;i<a.length;i++)s=a[i],e.source===s.contentWindow&&(s.removeAttribute(\"style\"),\"height\"===t.message?(1e3<(r=parseInt(t.value,10))?r=1e3:~~r<200&&(r=200),s.height=r):\"link\"===t.message&&(r=new URL(s.getAttribute(\"src\")),n=new URL(t.value),c.test(n.protocol))&&n.host===r.host&&l.activeElement===s&&(d.top.location.href=t.value))}},d.addEventListener(\"message\",d.wp.receiveEmbedMessage,!1),l.addEventListener(\"DOMContentLoaded\",function(){for(var e,t,s=l.querySelectorAll(\"iframe.wp-embedded-content\"),r=0;r<s.length;r++)(t=(e=s[r]).getAttribute(\"data-secret\"))||(t=Math.random().toString(36).substring(2,12),e.src+=\"#?secret=\"+t,e.setAttribute(\"data-secret\",t)),e.contentWindow.postMessage({message:\"ready\",secret:t},\"*\")},!1)))}(window,document);\n\/\/# sourceURL=https:\/\/presenceautochtone.ca\/archives\/2022\/wp-includes\/js\/wp-embed.min.js\n<\/script>\n","description":"De l\u2019oralit\u00e9 \u00e0 la musique \u00e9crite, du geste \u00e0 la sonorit\u00e9, du mouvement \u00e0 la ligne musicale\u202f: il est ici question de d\u00e9couvrir l\u2019autre, de s\u2019ouvrir aux sensibilit\u00e9s de chacun et de partager cette richesse.\u202fVenez assister \u00e0 ce spectacle dans lequel po\u00e9sie et musique contemporaine sont r\u00e9unies dans un m\u00eame souffle. Pr\u00e9sent\u00e9 par Terres en vues, Forestare et le Nouvel Ensemble Moderne (NEM), dans le cadre du\u202f\u202fFestival international Pr\u00e9sence autochtone, en partenariat avec Biblioth\u00e8que et Archives nationales du Qu\u00e9bec, et avec la collaboration de la\u202fVir\u00e9e classique de l\u2019OSM."}